{"id":1448,"date":"2026-04-29T12:13:40","date_gmt":"2026-04-29T10:13:40","guid":{"rendered":"https:\/\/id-teachers.eu\/index.php\/privacy-policy\/"},"modified":"2026-04-29T13:16:14","modified_gmt":"2026-04-29T11:16:14","slug":"privacy-policy","status":"publish","type":"page","link":"https:\/\/id-teachers.eu\/es\/index.php\/privacy-policy\/","title":{"rendered":"Pol\u00edtica de Privacidad"},"content":{"rendered":"\t\t<div data-elementor-type=\"wp-page\" data-elementor-id=\"1448\" class=\"elementor elementor-1448 elementor-1406\">\n\t\t\t\t\t\t<section class=\"elementor-section elementor-top-section elementor-element elementor-element-10dadc3 elementor-section-boxed elementor-section-height-default elementor-section-height-default wpr-particle-no wpr-jarallax-no wpr-parallax-no wpr-sticky-section-no wpr-equal-height-no\" data-id=\"10dadc3\" data-element_type=\"section\" data-e-type=\"section\" data-settings=\"{&quot;background_background&quot;:&quot;classic&quot;}\">\n\t\t\t\t\t\t<div class=\"elementor-container elementor-column-gap-default\">\n\t\t\t\t\t<div class=\"elementor-column elementor-col-100 elementor-top-column elementor-element elementor-element-feaac02\" data-id=\"feaac02\" data-element_type=\"column\" data-e-type=\"column\">\n\t\t\t<div class=\"elementor-widget-wrap elementor-element-populated\">\n\t\t\t\t\t\t<div class=\"elementor-element elementor-element-d0a6e78 elementor-widget elementor-widget-heading\" data-id=\"d0a6e78\" data-element_type=\"widget\" data-e-type=\"widget\" data-widget_type=\"heading.default\">\n\t\t\t\t<div class=\"elementor-widget-container\">\n\t\t\t\t\t<h2 class=\"elementor-heading-title elementor-size-default\">\nPol\u00edtica de Privacidad\n<\/h2>\t\t\t\t<\/div>\n\t\t\t\t<\/div>\n\t\t\t\t\t<\/div>\n\t\t<\/div>\n\t\t\t\t\t<\/div>\n\t\t<\/section>\n\t\t\t\t<section class=\"elementor-section elementor-top-section elementor-element elementor-element-150a66a elementor-section-boxed elementor-section-height-default elementor-section-height-default wpr-particle-no wpr-jarallax-no wpr-parallax-no wpr-sticky-section-no wpr-equal-height-no\" data-id=\"150a66a\" data-element_type=\"section\" data-e-type=\"section\">\n\t\t\t\t\t\t<div class=\"elementor-container elementor-column-gap-default\">\n\t\t\t\t\t<div class=\"elementor-column elementor-col-100 elementor-top-column elementor-element elementor-element-e033626\" data-id=\"e033626\" data-element_type=\"column\" data-e-type=\"column\">\n\t\t\t<div class=\"elementor-widget-wrap elementor-element-populated\">\n\t\t\t\t\t\t<div class=\"elementor-element elementor-element-75ecec3 elementor-widget elementor-widget-text-editor\" data-id=\"75ecec3\" data-element_type=\"widget\" data-e-type=\"widget\" data-widget_type=\"text-editor.default\">\n\t\t\t\t<div class=\"elementor-widget-container\">\n\t\t\t\t\t\t\t\t\t<div><div><div><strong>A. Datos del responsable del tratamiento de los datos<\/strong><\/div><br \/><div>Nombre entidad: Instituto para el Fomento del Desarrollo y la Formaci\u00f3n S.L., (en adelante, INFODEF)<\/div><div>Direcci\u00f3n: Calle Los Molinos No. 3, 1\u00ba CP 47001, Valladolid<\/div><div>Tel\u00e9fono: +34635505841<\/div><div>Correo electr\u00f3nico:<a href=\"mailto:jesusboyano@hotmail.com\" target=\"_blank\" rel=\"noopener\"> jesusboyano@hotmail.com<\/a><\/div><br \/><div><strong>B. Tratamientos de datos recabados a trav\u00e9s del sitio web<\/strong><\/div><br \/><div>Los datos que INFODEF pueda recopilar por el uso y navegaci\u00f3n de este sitio web, v\u00eda email, son datos de car\u00e1cter personal. En algunas ocasiones, le informamos de que por el simple uso y navegaci\u00f3n en nuestro sitio web, INFODEF almacenar\u00e1 datos relativos a:<\/div><div>\u2022 \u00a0 Direcci\u00f3n IP<\/div><div>\u2022 \u00a0 Versi\u00f3n del navegador<\/div><div>\u2022 \u00a0 Sistema operativo<\/div><div>\u2022 \u00a0 Duraci\u00f3n de la visita o navegaci\u00f3n por la plataforma<\/div><br \/><div>Tal informaci\u00f3n puede almacenarse mediante Google Analytics, por lo que nos remitimos a la Pol\u00edtica de Privacidad de Google, ya que \u00e9ste recaba y trata tal informaci\u00f3n.<\/div><br \/><div>INFODEF se reserva el derecho a modificar o adaptar la presente Pol\u00edtica de Privacidad en todo momento. Por lo tanto, le recomendamos que revise la misma cada vez que acceda al sitio web.<\/div><br \/><br \/><div><span style=\"text-decoration: underline;\">1. \u00a0Informaci\u00f3n facilitada a trav\u00e9s de los correos electr\u00f3nicos puestos a disposici\u00f3n en el sitio web.<\/span><\/div><div>a. \u00a0Finalidad. Darle contestaci\u00f3n a su solicitud de informaci\u00f3n.<\/div><div>b. \u00a0Legitimaci\u00f3n. El consentimiento otorgado por usted en el momento que nos env\u00eda la solicitud v\u00eda email.<\/div><div>c. \u00a0Destinatarios No se ceder\u00e1n datos a terceros, salvo cuando sea l\u00edcito conforme a lo dispuesto en la normativa vigente en materia de protecci\u00f3n de datos.<\/div><br \/><br \/><div><span style=\"text-decoration: underline;\">2. \u00a0Ejercicio de derechos RGPD<\/span><\/div><div>a. \u00a0Finalidad: Atender las solicitudes de los usuarios en materia de protecci\u00f3n de datos<\/div><div>b. \u00a0Legitimaci\u00f3n: Cumplimiento de una obligaci\u00f3n legal aplicable al Reglamento General de Protecci\u00f3n de Datos.<\/div><div>c. \u00a0Destinatarios: No se ceder\u00e1n datos a terceros, salvo cuando sea l\u00edcito conforme a lo dispuesto en la normativa vigente en materia de protecci\u00f3n de datos.<\/div><br \/><br \/><div><span style=\"text-decoration: underline;\">3. \u00a0Brecha de seguridad<\/span><\/div><div>a. \u00a0Finalidad: Gestionar y resolver la brecha de seguridad en materia de protecci\u00f3n de datos, as\u00ed como la posible comunicaci\u00f3n a los afectados.<\/div><div>b. \u00a0Legitimaci\u00f3n: Cumplimiento de una obligaci\u00f3n legal aplicable al Reglamento General de Protecci\u00f3n de Datos.<\/div><div>c. \u00a0Destinatarios: No se ceder\u00e1n datos a terceros, salvo cuando sea l\u00edcito conforme a lo dispuesto en la normativa vigente en materia de protecci\u00f3n de datos<\/div><br \/><div><strong>C. Plazos de conservaci\u00f3n<\/strong><\/div><br \/><div>Tratamiento de datos recabados a trav\u00e9s del sitio web mediante email: sus datos de car\u00e1cter personal ser\u00e1n conservados hasta que cancele su cuenta de usuario. Tras la cancelaci\u00f3n de la cuenta de usuario, los datos permanecer\u00e1n bloqueados en nuestras bases, pero conservados hasta prescripci\u00f3n de posibles responsabilidades legales.<\/div><br \/><div><strong>D. Transferencias internacionales de datos.<\/strong><\/div><br \/><div>INFODEF no tiene previsto realizar transferencias internacionales de datos, en caso de ser necesarias, s\u00f3lo se realizar\u00e1n a entidades bajo la habilitaci\u00f3n del Marco de Privacidad de Datos UE-EE.UU [Adequacy decision EU-US Data Privacy Framework), m\u00e1s informaci\u00f3n: www.dataprivacyframework.gov], a entidades que hayan demostrado que cumplen con el nivel de protecci\u00f3n y garant\u00edas de acuerdo con los par\u00e1metros y exigencias previstas en la normativa vigente en materia de protecci\u00f3n de datos, como el Reglamento Europeo, o cuando exista un habilitaci\u00f3n legal para realizar la transferencia internacional como el consentimiento del interesado. En todo caso, se proporcionar\u00e1 la correspondiente informaci\u00f3n al interesado.<\/div><br \/><div><strong>E. \u00bfCu\u00e1les son sus derechos en relaci\u00f3n con el tratamiento de datos?<\/strong><\/div><br \/><div>Usted como titular de datos tiene derecho a obtener confirmaci\u00f3n sobre la existencia de un tratamiento de sus datos, a acceder a sus datos personales, solicitar la rectificaci\u00f3n de los datos que sean inexactos o, en su caso, solicitar la supresi\u00f3n, cuando entre otros motivos, los datos ya no sean necesarios para los fines para los que fueron recogidos o usted como interesado retire el consentimiento otorgado. INFODEF tratar\u00e1 y conservar\u00e1 sus datos de acuerdo con la normativa vigente, sin perjuicio de que como interesado pueda solicitar en todo caso, la limitaci\u00f3n del tratamiento de sus datos. En ciertos supuestos podr\u00e1 ejercitar su derecho a la portabilidad de los datos, que ser\u00e1n entregados en un formato estructurado, de uso com\u00fan o lectura mec\u00e1nica a usted o al nuevo responsable de tratamiento que designe.<\/div><br \/><div>Tendr\u00e1 derecho a revocar en cualquier momento el consentimiento para cualquiera de los tratamientos para los que lo ha otorgado. Para ejercitar sus derechos comun\u00edquese con nosotros a trav\u00e9s de la direcci\u00f3n de correo electr\u00f3nico <a href=\"mailto:jesusboyano@hotmail.com\" target=\"_blank\" rel=\"noopener\">jesusboyano@hotmail.com<\/a><\/div><br \/><div>Disponemos de formularios para el ejercicio de todos los derechos anteriormente indicados, no obstante, tambi\u00e9n puede utilizar los elaborados por la Agencia Espa\u00f1ola de Protecci\u00f3n de Datos. Tendr\u00e1 derecho a presentar una reclamaci\u00f3n ante la Agencia Espa\u00f1ola de Protecci\u00f3n de Datos en el supuesto de que considere que no se ha atendido convenientemente el ejercicio de sus derechos. El plazo m\u00e1ximo para resolver ser\u00e1 el de un mes a contar desde la recepci\u00f3n de su solicitud. En el caso de producirse alguna modificaci\u00f3n de sus datos, le agradecemos nos lo comunique debidamente por escrito con la finalidad de mantener sus datos actualizados.<\/div><\/div><\/div>\t\t\t\t\t\t\t\t<\/div>\n\t\t\t\t<\/div>\n\t\t\t\t\t<\/div>\n\t\t<\/div>\n\t\t\t\t\t<\/div>\n\t\t<\/section>\n\t\t\t\t<\/div>\n\t\t","protected":false},"excerpt":{"rendered":"<p>Pol\u00edtica de Privacidad A. Datos del responsable del tratamiento de los datosNombre entidad: Instituto para el Fomento del Desarrollo y la Formaci\u00f3n S.L., (en adelante, INFODEF)Direcci\u00f3n: Calle Los Molinos No. 3, 1\u00ba CP 47001, ValladolidTel\u00e9fono: +34635505841Correo electr\u00f3nico: jesusboyano@hotmail.comB. Tratamientos de datos recabados a trav\u00e9s del sitio webLos datos que INFODEF pueda recopilar por el uso y navegaci\u00f3n de este sitio web, v\u00eda email, son datos de car\u00e1cter personal. En algunas ocasiones, le informamos de que por el simple uso y navegaci\u00f3n en nuestro sitio web, INFODEF almacenar\u00e1 datos relativos a:\u2022 \u00a0 Direcci\u00f3n IP\u2022 \u00a0 Versi\u00f3n del navegador\u2022 \u00a0 Sistema operativo\u2022 \u00a0 Duraci\u00f3n de la visita o navegaci\u00f3n por la plataformaTal informaci\u00f3n puede almacenarse mediante Google Analytics, por lo que nos remitimos a la Pol\u00edtica de Privacidad de Google, ya que \u00e9ste recaba y trata tal informaci\u00f3n.INFODEF se reserva el derecho a modificar o adaptar la presente Pol\u00edtica de Privacidad en todo momento. Por lo tanto, le recomendamos que revise la misma cada vez que acceda al sitio web. 1. \u00a0Informaci\u00f3n facilitada a trav\u00e9s de los correos electr\u00f3nicos puestos a disposici\u00f3n en el sitio web.a. \u00a0Finalidad. Darle contestaci\u00f3n a su solicitud de informaci\u00f3n.b. \u00a0Legitimaci\u00f3n. El consentimiento otorgado por usted en el momento que nos env\u00eda la solicitud v\u00eda email.c. \u00a0Destinatarios No se ceder\u00e1n datos a terceros, salvo cuando sea l\u00edcito conforme a lo dispuesto en la normativa vigente en materia de protecci\u00f3n de datos. 2. \u00a0Ejercicio de derechos RGPDa. \u00a0Finalidad: Atender las solicitudes de los usuarios en materia de protecci\u00f3n de datosb. \u00a0Legitimaci\u00f3n: Cumplimiento de una obligaci\u00f3n legal aplicable al Reglamento General de Protecci\u00f3n de Datos.c. \u00a0Destinatarios: No se ceder\u00e1n datos a terceros, salvo cuando sea l\u00edcito conforme a lo dispuesto en la normativa vigente en materia de protecci\u00f3n de datos. 3. \u00a0Brecha de seguridada. \u00a0Finalidad: Gestionar y resolver la brecha de seguridad en materia de protecci\u00f3n de datos, as\u00ed como la posible comunicaci\u00f3n a los afectados.b. \u00a0Legitimaci\u00f3n: Cumplimiento de una obligaci\u00f3n legal aplicable al Reglamento General de Protecci\u00f3n de Datos.c. \u00a0Destinatarios: No se ceder\u00e1n datos a terceros, salvo cuando sea l\u00edcito conforme a lo dispuesto en la normativa vigente en materia de protecci\u00f3n de datosC. Plazos de conservaci\u00f3nTratamiento de datos recabados a trav\u00e9s del sitio web mediante email: sus datos de car\u00e1cter personal ser\u00e1n conservados hasta que cancele su cuenta de usuario. Tras la cancelaci\u00f3n de la cuenta de usuario, los datos permanecer\u00e1n bloqueados en nuestras bases, pero conservados hasta prescripci\u00f3n de posibles responsabilidades legales.D. Transferencias internacionales de datos.INFODEF no tiene previsto realizar transferencias internacionales de datos, en caso de ser necesarias, s\u00f3lo se realizar\u00e1n a entidades bajo la habilitaci\u00f3n del Marco de Privacidad de Datos UE-EE.UU [Adequacy decision EU-US Data Privacy Framework), m\u00e1s informaci\u00f3n: www.dataprivacyframework.gov], a entidades que hayan demostrado que cumplen con el nivel de protecci\u00f3n y garant\u00edas de acuerdo con los par\u00e1metros y exigencias previstas en la normativa vigente en materia de protecci\u00f3n de datos, como el Reglamento Europeo, o cuando exista un habilitaci\u00f3n legal para realizar la transferencia internacional como el consentimiento del interesado. En todo caso, se proporcionar\u00e1 la correspondiente informaci\u00f3n al interesado.E. \u00bfCu\u00e1les son sus derechos en relaci\u00f3n con el tratamiento de datos?Usted como titular de datos tiene derecho a obtener confirmaci\u00f3n sobre la existencia de un tratamiento de sus datos, a acceder a sus datos personales, solicitar la rectificaci\u00f3n de los datos que sean inexactos o, en su caso, solicitar la supresi\u00f3n, cuando entre otros motivos, los datos ya no sean necesarios para los fines para los que fueron recogidos o usted como interesado retire el consentimiento otorgado. INFODEF tratar\u00e1 y conservar\u00e1 sus datos de acuerdo con la normativa vigente, sin perjuicio de que como interesado pueda solicitar en todo caso, la limitaci\u00f3n del tratamiento de sus datos. En ciertos supuestos podr\u00e1 ejercitar su derecho a la portabilidad de los datos, que ser\u00e1n entregados en un formato estructurado, de uso com\u00fan o lectura mec\u00e1nica a usted o al nuevo responsable de tratamiento que designe.Tendr\u00e1 derecho a revocar en cualquier momento el consentimiento para cualquiera de los tratamientos para los que lo ha otorgado. Para ejercitar sus derechos comun\u00edquese con nosotros a trav\u00e9s de la direcci\u00f3n de correo electr\u00f3nico jesusboyano@hotmail.comDisponemos de formularios para el ejercicio de todos los derechos anteriormente indicados, no obstante, tambi\u00e9n puede utilizar los elaborados por la Agencia Espa\u00f1ola de Protecci\u00f3n de Datos. Tendr\u00e1 derecho a presentar una reclamaci\u00f3n ante la Agencia Espa\u00f1ola de Protecci\u00f3n de Datos en el supuesto de que considere que no se ha atendido convenientemente el ejercicio de sus derechos. El plazo m\u00e1ximo para resolver ser\u00e1 el de un mes a contar desde la recepci\u00f3n de su solicitud. En el caso de producirse alguna modificaci\u00f3n de sus datos, le agradecemos nos lo comunique debidamente por escrito con la finalidad de mantener sus datos actualizados.<\/p>\n","protected":false},"author":1,"featured_media":0,"parent":0,"menu_order":0,"comment_status":"closed","ping_status":"closed","template":"elementor_header_footer","meta":{"footnotes":""},"class_list":["post-1448","page","type-page","status-publish","hentry"],"_links":{"self":[{"href":"https:\/\/id-teachers.eu\/es\/index.php\/wp-json\/wp\/v2\/pages\/1448","targetHints":{"allow":["GET"]}}],"collection":[{"href":"https:\/\/id-teachers.eu\/es\/index.php\/wp-json\/wp\/v2\/pages"}],"about":[{"href":"https:\/\/id-teachers.eu\/es\/index.php\/wp-json\/wp\/v2\/types\/page"}],"author":[{"embeddable":true,"href":"https:\/\/id-teachers.eu\/es\/index.php\/wp-json\/wp\/v2\/users\/1"}],"replies":[{"embeddable":true,"href":"https:\/\/id-teachers.eu\/es\/index.php\/wp-json\/wp\/v2\/comments?post=1448"}],"version-history":[{"count":4,"href":"https:\/\/id-teachers.eu\/es\/index.php\/wp-json\/wp\/v2\/pages\/1448\/revisions"}],"predecessor-version":[{"id":1486,"href":"https:\/\/id-teachers.eu\/es\/index.php\/wp-json\/wp\/v2\/pages\/1448\/revisions\/1486"}],"wp:attachment":[{"href":"https:\/\/id-teachers.eu\/es\/index.php\/wp-json\/wp\/v2\/media?parent=1448"}],"curies":[{"name":"wp","href":"https:\/\/api.w.org\/{rel}","templated":true}]}}